{"id":9,"date":"2019-10-15T15:25:57","date_gmt":"2019-10-15T13:25:57","guid":{"rendered":"http:\/\/unairdebois.com\/?page_id=9"},"modified":"2026-04-08T09:39:48","modified_gmt":"2026-04-08T07:39:48","slug":"un-air-de-bois","status":"publish","type":"page","link":"https:\/\/unairdebois.com\/","title":{"rendered":"Un air de bois"},"content":{"rendered":"\n<p><\/p>\n\n\n\n<p>Villa contemporaine bioclimatique.<\/p>\n\n\n<div class=\"wp-block-image\">\n<figure class=\"aligncenter size-large is-resized\"><img loading=\"lazy\" decoding=\"async\" width=\"1024\" height=\"683\" src=\"http:\/\/unairdebois.com\/wp-content\/uploads\/2020\/05\/IMG_8951bis-1024x683.jpg\" alt=\"Vue depuis le Jardin\" class=\"wp-image-116\" style=\"width:840px;height:auto\" title=\"Vue depuis le Jardin\" srcset=\"https:\/\/unairdebois.com\/wp-content\/uploads\/2020\/05\/IMG_8951bis-1024x683.jpg 1024w, https:\/\/unairdebois.com\/wp-content\/uploads\/2020\/05\/IMG_8951bis-300x200.jpg 300w, https:\/\/unairdebois.com\/wp-content\/uploads\/2020\/05\/IMG_8951bis-768x512.jpg 768w, https:\/\/unairdebois.com\/wp-content\/uploads\/2020\/05\/IMG_8951bis.jpg 1080w\" sizes=\"(max-width: 1024px) 100vw, 1024px\" \/><figcaption class=\"wp-element-caption\"><strong><em><mark style=\"background-color:rgba(0, 0, 0, 0)\" class=\"has-inline-color has-black-color\">Vue depuis le Jardin au printemps<\/mark><\/em><\/strong><\/figcaption><\/figure><\/div>\n\n<div class=\"wp-block-image\">\n<figure class=\"aligncenter size-full\"><img loading=\"lazy\" decoding=\"async\" width=\"1024\" height=\"699\" src=\"https:\/\/unairdebois.com\/wp-content\/uploads\/2026\/04\/image.png\" alt=\"\" class=\"wp-image-559\" srcset=\"https:\/\/unairdebois.com\/wp-content\/uploads\/2026\/04\/image.png 1024w, https:\/\/unairdebois.com\/wp-content\/uploads\/2026\/04\/image-300x205.png 300w, https:\/\/unairdebois.com\/wp-content\/uploads\/2026\/04\/image-768x524.png 768w\" sizes=\"(max-width: 1024px) 100vw, 1024px\" \/><\/figure><\/div>\n\n<div class=\"wp-block-image\">\n<figure class=\"aligncenter size-full\"><img loading=\"lazy\" decoding=\"async\" width=\"1024\" height=\"643\" src=\"https:\/\/unairdebois.com\/wp-content\/uploads\/2026\/04\/image-1.png\" alt=\"\" class=\"wp-image-560\" srcset=\"https:\/\/unairdebois.com\/wp-content\/uploads\/2026\/04\/image-1.png 1024w, https:\/\/unairdebois.com\/wp-content\/uploads\/2026\/04\/image-1-300x188.png 300w, https:\/\/unairdebois.com\/wp-content\/uploads\/2026\/04\/image-1-768x482.png 768w\" sizes=\"(max-width: 1024px) 100vw, 1024px\" \/><\/figure><\/div>\n\n\n<p>Villa de 144m\u00b2 moderne r\u00e9alis\u00e9e exclusivement avec des mat\u00e9riaux haut de gamme de qualit\u00e9s, \u00e9cologiques, sains et nobles (ch\u00e2taigniers, M\u00e9l\u00e8ze, Garappa, cuivre, laine de bois, etc).<\/p>\n\n\n<div class=\"wp-block-image\">\n<figure class=\"aligncenter size-large\"><img loading=\"lazy\" decoding=\"async\" width=\"1024\" height=\"651\" src=\"https:\/\/unairdebois.com\/wp-content\/uploads\/2026\/04\/unairdebois005-1024x651.jpg\" alt=\"\" class=\"wp-image-561\" srcset=\"https:\/\/unairdebois.com\/wp-content\/uploads\/2026\/04\/unairdebois005-1024x651.jpg 1024w, https:\/\/unairdebois.com\/wp-content\/uploads\/2026\/04\/unairdebois005-300x191.jpg 300w, https:\/\/unairdebois.com\/wp-content\/uploads\/2026\/04\/unairdebois005-768x489.jpg 768w, https:\/\/unairdebois.com\/wp-content\/uploads\/2026\/04\/unairdebois005.jpg 1080w\" sizes=\"(max-width: 1024px) 100vw, 1024px\" \/><\/figure><\/div>\n\n<div class=\"wp-block-image\">\n<figure class=\"aligncenter size-large\"><img loading=\"lazy\" decoding=\"async\" width=\"1024\" height=\"540\" src=\"https:\/\/unairdebois.com\/wp-content\/uploads\/2025\/05\/WhatsApp-Image-2025-05-08-a-08.49.34_6426cf10-1024x540.jpg\" alt=\"\" class=\"wp-image-553\" srcset=\"https:\/\/unairdebois.com\/wp-content\/uploads\/2025\/05\/WhatsApp-Image-2025-05-08-a-08.49.34_6426cf10-1024x540.jpg 1024w, https:\/\/unairdebois.com\/wp-content\/uploads\/2025\/05\/WhatsApp-Image-2025-05-08-a-08.49.34_6426cf10-300x158.jpg 300w, https:\/\/unairdebois.com\/wp-content\/uploads\/2025\/05\/WhatsApp-Image-2025-05-08-a-08.49.34_6426cf10-768x405.jpg 768w, https:\/\/unairdebois.com\/wp-content\/uploads\/2025\/05\/WhatsApp-Image-2025-05-08-a-08.49.34_6426cf10-1536x809.jpg 1536w, https:\/\/unairdebois.com\/wp-content\/uploads\/2025\/05\/WhatsApp-Image-2025-05-08-a-08.49.34_6426cf10.jpg 1611w\" sizes=\"(max-width: 1024px) 100vw, 1024px\" \/><\/figure><\/div>\n\n<div class=\"wp-block-image\">\n<figure class=\"aligncenter size-large\"><img loading=\"lazy\" decoding=\"async\" width=\"1024\" height=\"683\" src=\"https:\/\/unairdebois.com\/wp-content\/uploads\/2026\/04\/323631299_1203968116873736_8182259689248156610_n_2086609368210212-1024x683.jpg\" alt=\"\" class=\"wp-image-563\" srcset=\"https:\/\/unairdebois.com\/wp-content\/uploads\/2026\/04\/323631299_1203968116873736_8182259689248156610_n_2086609368210212-1024x683.jpg 1024w, https:\/\/unairdebois.com\/wp-content\/uploads\/2026\/04\/323631299_1203968116873736_8182259689248156610_n_2086609368210212-300x200.jpg 300w, https:\/\/unairdebois.com\/wp-content\/uploads\/2026\/04\/323631299_1203968116873736_8182259689248156610_n_2086609368210212-768x512.jpg 768w, https:\/\/unairdebois.com\/wp-content\/uploads\/2026\/04\/323631299_1203968116873736_8182259689248156610_n_2086609368210212.jpg 1080w\" sizes=\"(max-width: 1024px) 100vw, 1024px\" \/><\/figure><\/div>\n\n<div class=\"wp-block-image\">\n<figure class=\"aligncenter size-large\"><img loading=\"lazy\" decoding=\"async\" width=\"1024\" height=\"576\" src=\"https:\/\/unairdebois.com\/wp-content\/uploads\/2026\/04\/323164233_1809692496096552_510606416422304446_n_2086609994876816-1024x576.jpg\" alt=\"\" class=\"wp-image-564\" srcset=\"https:\/\/unairdebois.com\/wp-content\/uploads\/2026\/04\/323164233_1809692496096552_510606416422304446_n_2086609994876816-1024x576.jpg 1024w, https:\/\/unairdebois.com\/wp-content\/uploads\/2026\/04\/323164233_1809692496096552_510606416422304446_n_2086609994876816-300x169.jpg 300w, https:\/\/unairdebois.com\/wp-content\/uploads\/2026\/04\/323164233_1809692496096552_510606416422304446_n_2086609994876816-768x432.jpg 768w, https:\/\/unairdebois.com\/wp-content\/uploads\/2026\/04\/323164233_1809692496096552_510606416422304446_n_2086609994876816-1536x864.jpg 1536w, https:\/\/unairdebois.com\/wp-content\/uploads\/2026\/04\/323164233_1809692496096552_510606416422304446_n_2086609994876816.jpg 1600w\" sizes=\"(max-width: 1024px) 100vw, 1024px\" \/><\/figure><\/div>\n\n<div class=\"wp-block-image\">\n<figure class=\"aligncenter size-large\"><img loading=\"lazy\" decoding=\"async\" width=\"1024\" height=\"788\" src=\"https:\/\/unairdebois.com\/wp-content\/uploads\/2025\/05\/unairdebois030-1024x788.jpg\" alt=\"\" class=\"wp-image-539\" srcset=\"https:\/\/unairdebois.com\/wp-content\/uploads\/2025\/05\/unairdebois030-1024x788.jpg 1024w, https:\/\/unairdebois.com\/wp-content\/uploads\/2025\/05\/unairdebois030-300x231.jpg 300w, https:\/\/unairdebois.com\/wp-content\/uploads\/2025\/05\/unairdebois030-768x591.jpg 768w, https:\/\/unairdebois.com\/wp-content\/uploads\/2025\/05\/unairdebois030-1536x1182.jpg 1536w, https:\/\/unairdebois.com\/wp-content\/uploads\/2025\/05\/unairdebois030.jpg 1576w\" sizes=\"(max-width: 1024px) 100vw, 1024px\" \/><\/figure><\/div>\n\n\n<p>La villa se d\u00e9ploie autour d&rsquo;une vaste terrasse, v\u00e9ritable coeur de l\u2019habitat, le patio prot\u00e9g\u00e9 du vent est la source de lumi\u00e8re et l\u2019air de vivre de la maison. Cette large terrasse dessert la suite parentale et l&rsquo;espace de vie avec son salon et sa salle \u00e0 manger donnant sur une large cuisine ouverte toute \u00e9quip\u00e9e.<\/p>\n\n\n\n<p>A l&rsquo;int\u00e9rieur, de l&rsquo;entr\u00e9e on acc\u00e8de \u00e0 l&rsquo;espace invit\u00e9 avec la chambre, les toilettes s\u00e9par\u00e9es et sa salle de bain ind\u00e9pendante avec baignoire et douche \u00e0 l&rsquo;italienne et ses toilettes.<\/p>\n\n\n\n<p>En face de cet espace invit\u00e9 ce trouve une chambre d&rsquo;appoint, qui peut faire usage de bureau ou de pi\u00e8ce m\u00e9dia et musique.<\/p>\n\n\n\n<p>Isol\u00e9 sur un cot\u00e9 de la villa on trouve la grande suite parentale avec un large dressing, les toilettes ind\u00e9pendantes et une pi\u00e8ce d&rsquo;eau avec douche \u00e0 l&rsquo;italienne.<\/p>\n\n\n\n<p>Sur le plan \u00e9nerg\u00e9tique, la villa bioclimatique offre un confort naturel saisissant.<\/p>\n\n\n\n<p>En journ\u00e9e d\u2019hiver classique ensoleill\u00e9e, sans chauffer, on obtient une temp\u00e9rature moyenne de 25\u00b0 pour une temp\u00e9rature ext\u00e9rieure de 5 \u00e0 10\u00b0<\/p>\n\n\n\n<p>En \u00e9t\u00e9, sans climatisation, en jouant avec les volets roulants, on peut garder la villa \u00e0 une temp\u00e9rature moyenne de 24\u00b0 pour une temp\u00e9rature ext\u00e9rieure de 32 \u00e0 37\u00b0.<\/p>\n\n\n\n<p>Mais l\u2019atout principal de cette espace de vie est la lumi\u00e8re qui joue avec les ouvertures et les vues qui s&rsquo;offrent aux gr\u00e9s des saisons.<\/p>\n\n\n\n<div class=\"wp-block-group\"><div class=\"wp-block-group__inner-container is-layout-flow wp-block-group-is-layout-flow\">\n<div class=\"wp-block-group\"><div class=\"wp-block-group__inner-container is-layout-flow wp-block-group-is-layout-flow\">\n<div class=\"wp-block-group\"><div class=\"wp-block-group__inner-container is-layout-flow wp-block-group-is-layout-flow\">\n<p class=\"has-white-color has-text-color has-link-color wp-elements-7e4ac651328708ea719ac0894fa30934\">.<\/p>\n\n\n\n<p><\/p>\n\n\n\n<p><em>Pour une visite compl\u00e8te de la maison, utilisez le menu ci-dessus et rendez-vous sur la page <strong><mark style=\"background-color:rgba(0, 0, 0, 0);color:#db5e51\" class=\"has-inline-color\"><a href=\"https:\/\/unairdebois.com\/index.php\/un-air-de-rien-2\/\">\u00ab\u00a0Un air de vivre\u00a0\u00bb<\/a><\/mark><mark style=\"background-color:rgba(0, 0, 0, 0);color:#db5e51\" class=\"has-inline-color\"><\/mark><\/strong><\/em><\/p>\n\n\n\n<p class=\"has-white-color has-text-color has-link-color wp-elements-c645e628e62f8fbab9d9726851472d16\"><\/p>\n<\/div><\/div>\n<\/div><\/div>\n<\/div><\/div>\n\n\n\n<p class=\"has-white-color has-text-color has-link-color wp-elements-c645e628e62f8fbab9d9726851472d16\"><\/p>\n\n\n\n<div class=\"wp-block-group is-vertical is-layout-flex wp-container-core-group-is-layout-5 wp-block-group-is-layout-flex\">\n<div class=\"wp-block-group\"><div class=\"wp-block-group__inner-container is-layout-flow wp-block-group-is-layout-flow\">\n<p>La villa est une construction r\u00e9cente, de 2018, en ossature bois de Classe \u00e9nerg\u00e9tique A, d&rsquo;une surface de 144m\u00b2 habitable et 90m\u00b2 de terrasse. La construction a \u00e9t\u00e9 r\u00e9alis\u00e9e exclusivement avec des mat\u00e9riaux Ecolabel et Biosourc\u00e9s, respectueux de l&rsquo;environnement qui privil\u00e9gient la qualit\u00e9 et l&rsquo;\u00e9cologie.<\/p>\n\n\n\n<p class=\"has-white-color has-text-color has-link-color wp-elements-7e4ac651328708ea719ac0894fa30934\">.<\/p>\n\n\n\n<p class=\"has-white-color has-text-color has-link-color wp-elements-7e4ac651328708ea719ac0894fa30934\">.<\/p>\n\n\n<div class=\"wp-block-image\">\n<figure class=\"aligncenter size-full is-resized\"><img loading=\"lazy\" decoding=\"async\" width=\"981\" height=\"641\" src=\"https:\/\/unairdebois.com\/wp-content\/uploads\/2024\/04\/IMG_3557.jpg\" alt=\"\" class=\"wp-image-477\" style=\"width:832px;height:auto\" srcset=\"https:\/\/unairdebois.com\/wp-content\/uploads\/2024\/04\/IMG_3557.jpg 981w, https:\/\/unairdebois.com\/wp-content\/uploads\/2024\/04\/IMG_3557-300x196.jpg 300w, https:\/\/unairdebois.com\/wp-content\/uploads\/2024\/04\/IMG_3557-768x502.jpg 768w\" sizes=\"(max-width: 981px) 100vw, 981px\" \/><figcaption class=\"wp-element-caption\"><strong><em>Vue depuis le jardin au printemps<\/em><\/strong><\/figcaption><\/figure><\/div>\n\n\n<p class=\"has-white-color has-text-color has-link-color wp-elements-7e4ac651328708ea719ac0894fa30934\">.<\/p>\n\n\n\n<p><\/p>\n\n\n\n<p><strong>L<\/strong>a villa est de plein pied, ainsi que sa terrasse suspendue attenante de 90m\u00b2.<\/p>\n\n\n\n<p><strong>L<\/strong>&lsquo;objectif a \u00e9t\u00e9 d&rsquo;\u00e9viter tout ce qui pouvait \u00eatre dommageable au niveau environnemental ou de la sant\u00e9 et de la qualit\u00e9 de vie. On \u00e9t\u00e9 exclus l&rsquo;utilisation de ciment ou de b\u00e9ton. La maison est en ossature bois, dalle en bois sur 26 pieux acier enfonc\u00e9s dans le sol entre 2 et 3 m\u00e8tres.<\/p>\n\n\n\n<p><strong>L<\/strong>es teintes et essences de bois ont \u00e9t\u00e9 choisies pour s&rsquo;int\u00e9grer au paysage et \u00e0 la v\u00e9g\u00e9tation.<\/p>\n\n\n\n<p class=\"has-white-color has-text-color has-link-color wp-elements-7e4ac651328708ea719ac0894fa30934\">.<\/p>\n<\/div><\/div>\n<\/div>\n\n\n<div class=\"wp-block-image\">\n<figure class=\"aligncenter size-large is-resized\"><img loading=\"lazy\" decoding=\"async\" width=\"1024\" height=\"610\" src=\"http:\/\/unairdebois.com\/wp-content\/uploads\/2023\/03\/IMG_8574-1024x610.jpg\" alt=\"\" class=\"wp-image-221\" style=\"width:922px;height:auto\" srcset=\"https:\/\/unairdebois.com\/wp-content\/uploads\/2023\/03\/IMG_8574-1024x610.jpg 1024w, https:\/\/unairdebois.com\/wp-content\/uploads\/2023\/03\/IMG_8574-300x179.jpg 300w, https:\/\/unairdebois.com\/wp-content\/uploads\/2023\/03\/IMG_8574-768x457.jpg 768w, https:\/\/unairdebois.com\/wp-content\/uploads\/2023\/03\/IMG_8574.jpg 1080w\" sizes=\"(max-width: 1024px) 100vw, 1024px\" \/><figcaption class=\"wp-element-caption\"><strong><em>Vue de la terrasse<\/em><\/strong><\/figcaption><\/figure><\/div>\n\n\n<div class=\"wp-block-group\"><div class=\"wp-block-group__inner-container is-layout-flow wp-block-group-is-layout-flow\">\n<p class=\"has-text-align-center\"><\/p>\n\n\n\n<div class=\"wp-block-group\"><div class=\"wp-block-group__inner-container is-layout-flow wp-block-group-is-layout-flow\">\n<div class=\"wp-block-group\"><div class=\"wp-block-group__inner-container is-layout-flow wp-block-group-is-layout-flow\">\n<p><strong>L<\/strong>&lsquo;ensemble des mat\u00e9riaux utilis\u00e9s sont \u00e9co-label (Peinture, fermacel, etc).<\/p>\n\n\n\n<p><strong>C<\/strong>&lsquo;est la Soci\u00e9t\u00e9 Maison Gico qui a r\u00e9pondu et relev\u00e9 ce d\u00e9fi. Les bois ont \u00e9t\u00e9 d\u00e9bit\u00e9s, pr\u00e9par\u00e9s en accord avec leur bureau d&rsquo;\u00e9tude extr\u00eamement r\u00e9actif et efficace.<\/p>\n<\/div><\/div>\n\n\n\n<p class=\"has-white-color has-text-color has-link-color wp-elements-7e4ac651328708ea719ac0894fa30934\">.<\/p>\n\n\n\n<div class=\"wp-block-group\"><div class=\"wp-block-group__inner-container is-layout-flow wp-block-group-is-layout-flow\">\n<p class=\"has-normal-font-size\"><strong>R\u00e9capitilatif <\/strong><\/p>\n\n\n\n<p class=\"has-normal-font-size\">* Fondation pour dalle bois sur 26 pieux acier canadien naturel (Fourniture et installation Technopieux )<\/p>\n\n\n\n<p class=\"has-normal-font-size\">* Dalle bois Fran\u00e7ais Ecoresponsable naturel ( Fourniture Soci\u00e9t\u00e9 Maison Gico )<\/p>\n\n\n\n<p class=\"has-normal-font-size\">* Ossature int\u00e9rieure bois Fran\u00e7ais Ecoresponsable naturel \u00c9pic\u00e9a &nbsp;( Fourniture Soci\u00e9t\u00e9 Maison Gico )<\/p>\n\n\n\n<p class=\"has-normal-font-size\">* Toiture v\u00e9g\u00e9talisable monopente 2\u00b0 sur mesure sans rupture Bac acier galvanis\u00e9&nbsp;Batithane&nbsp;ep : 0.50\/0.63 mm &#8211;&nbsp;isol\u00e9 120mm .<\/p>\n\n\n\n<p class=\"has-normal-font-size\">* Isolation murs &amp; Plafonds laine de bois 200mm et 145mm Ecolabel Acermi<\/p>\n\n\n\n<p class=\"has-normal-font-size\">* Isolation sol 300mm Laine de ouate vrac Ecolabel Acermi.<\/p>\n\n\n\n<p class=\"has-normal-font-size\">* Etanch\u00e9it\u00e9 int\u00e9rieure \u00e0 l&rsquo;air par frein-vapeur Aerovap.<\/p>\n\n\n\n<p class=\"has-normal-font-size\">* Sol en Ch\u00e2taignier trait\u00e9 \u00e0 l&rsquo;huile dure v\u00e9g\u00e9tale naturelle (Fourniture Bois Roussillon au Boulou 66)<\/p>\n\n\n\n<p class=\"has-normal-font-size\">* Doublage murs &amp; Plafonds Fermacell Greenline Classe 1b Biologie et \u00e9cologie du b\u00e2timent<\/p>\n\n\n\n<p class=\"has-normal-font-size\">* Menuiserie sur mesure fabrication Fran\u00e7aise DRUET double vitrage thermique Argon certification CEKAL.<\/p>\n\n\n\n<p class=\"has-normal-font-size\">* Fournitures diverses, luminaires, 2\u00e8me main.<\/p>\n\n\n\n<p class=\"has-normal-font-size\">* Poign\u00e9es int\u00e9rieures portes &amp; meubles cuisine en cuivre antibact\u00e9rien<\/p>\n\n\n\n<p class=\"has-normal-font-size\">* Finition int\u00e9rieure Peinture Tollens Ecolabel NF<\/p>\n\n\n\n<p class=\"has-normal-font-size\">* Finition ext\u00e9rieur M\u00e9l\u00e8ze naturel des Vosges huil\u00e9 avec Huile naturelle Ol\u00e9obois.<\/p>\n\n\n\n<p class=\"has-normal-font-size\">* Terrasse suspendue en Garapa sur dalle bois autoclave (Fourniture Bois Roussillon au Boulou 66)<\/p>\n<\/div><\/div>\n\n\n\n<p class=\"has-white-color has-text-color has-link-color wp-elements-7e4ac651328708ea719ac0894fa30934\">.<\/p>\n\n\n\n<div class=\"wp-block-group\"><div class=\"wp-block-group__inner-container is-layout-flow wp-block-group-is-layout-flow\"><div class=\"wp-block-image\">\n<figure class=\"aligncenter size-large\"><img loading=\"lazy\" decoding=\"async\" width=\"1024\" height=\"532\" src=\"https:\/\/unairdebois.com\/wp-content\/uploads\/2026\/04\/arboussols_printemps2026_01-1024x532.jpg\" alt=\"\" class=\"wp-image-567\" srcset=\"https:\/\/unairdebois.com\/wp-content\/uploads\/2026\/04\/arboussols_printemps2026_01-1024x532.jpg 1024w, https:\/\/unairdebois.com\/wp-content\/uploads\/2026\/04\/arboussols_printemps2026_01-300x156.jpg 300w, https:\/\/unairdebois.com\/wp-content\/uploads\/2026\/04\/arboussols_printemps2026_01-768x399.jpg 768w, https:\/\/unairdebois.com\/wp-content\/uploads\/2026\/04\/arboussols_printemps2026_01-1536x798.jpg 1536w, https:\/\/unairdebois.com\/wp-content\/uploads\/2026\/04\/arboussols_printemps2026_01.jpg 1600w\" sizes=\"(max-width: 1024px) 100vw, 1024px\" \/><\/figure><\/div><\/div><\/div>\n\n\n\n<h2 class=\"wp-block-heading\"><\/h2>\n<\/div><\/div>\n<\/div><\/div>\n\n\n<div class=\"wp-block-image\">\n<figure class=\"aligncenter size-large\"><img loading=\"lazy\" decoding=\"async\" width=\"1024\" height=\"700\" src=\"https:\/\/unairdebois.com\/wp-content\/uploads\/2026\/04\/arboussols_printemps2026_02-1024x700.jpg\" alt=\"\" class=\"wp-image-568\" srcset=\"https:\/\/unairdebois.com\/wp-content\/uploads\/2026\/04\/arboussols_printemps2026_02-1024x700.jpg 1024w, https:\/\/unairdebois.com\/wp-content\/uploads\/2026\/04\/arboussols_printemps2026_02-300x205.jpg 300w, https:\/\/unairdebois.com\/wp-content\/uploads\/2026\/04\/arboussols_printemps2026_02-768x525.jpg 768w, https:\/\/unairdebois.com\/wp-content\/uploads\/2026\/04\/arboussols_printemps2026_02.jpg 1193w\" sizes=\"(max-width: 1024px) 100vw, 1024px\" \/><\/figure><\/div>\n\n<div class=\"wp-block-image\">\n<figure class=\"aligncenter size-large\"><img loading=\"lazy\" decoding=\"async\" width=\"712\" height=\"1024\" src=\"https:\/\/unairdebois.com\/wp-content\/uploads\/2026\/04\/arboussols_printemps2026_03-712x1024.jpg\" alt=\"\" class=\"wp-image-569\" srcset=\"https:\/\/unairdebois.com\/wp-content\/uploads\/2026\/04\/arboussols_printemps2026_03-712x1024.jpg 712w, https:\/\/unairdebois.com\/wp-content\/uploads\/2026\/04\/arboussols_printemps2026_03-209x300.jpg 209w, https:\/\/unairdebois.com\/wp-content\/uploads\/2026\/04\/arboussols_printemps2026_03.jpg 721w\" sizes=\"(max-width: 712px) 100vw, 712px\" \/><\/figure><\/div>","protected":false},"excerpt":{"rendered":"<p>Villa contemporaine bioclimatique. Villa de 144m\u00b2 moderne r\u00e9alis\u00e9e exclusivement avec des mat\u00e9riaux haut de gamme de qualit\u00e9s, \u00e9cologiques, sains et nobles (ch\u00e2taigniers, M\u00e9l\u00e8ze, Garappa, cuivre, laine de bois, etc). La villa se d\u00e9ploie autour d&rsquo;une vaste terrasse, v\u00e9ritable coeur de l\u2019habitat, le patio prot\u00e9g\u00e9 du vent est la source de lumi\u00e8re et l\u2019air de vivre [&hellip;]<\/p>\n","protected":false},"author":1,"featured_media":0,"parent":0,"menu_order":0,"comment_status":"closed","ping_status":"closed","template":"","meta":{"footnotes":""},"yoast_head":"<!-- This site is optimized with the Yoast SEO plugin v22.6 - https:\/\/yoast.com\/wordpress\/plugins\/seo\/ -->\n<title>Un air de bois - Un Air de Bois<\/title>\n<meta name=\"description\" content=\"Villa Bioclimatique contemporaine nich\u00e9e dans un petit village Catalan.\" \/>\n<meta name=\"robots\" content=\"index, follow, max-snippet:-1, max-image-preview:large, max-video-preview:-1\" \/>\n<link rel=\"canonical\" href=\"https:\/\/unairdebois.com\/\" \/>\n<meta property=\"og:locale\" content=\"fr_FR\" \/>\n<meta property=\"og:type\" content=\"article\" \/>\n<meta property=\"og:title\" content=\"Un air de bois - Un Air de Bois\" \/>\n<meta property=\"og:description\" content=\"Villa Bioclimatique contemporaine nich\u00e9e dans un petit village Catalan.\" \/>\n<meta property=\"og:url\" content=\"https:\/\/unairdebois.com\/\" \/>\n<meta property=\"og:site_name\" content=\"Un Air de Bois\" \/>\n<meta property=\"article:modified_time\" content=\"2026-04-08T07:39:48+00:00\" \/>\n<meta property=\"og:image\" content=\"http:\/\/unairdebois.com\/wp-content\/uploads\/2020\/05\/IMG_8951bis-1024x683.jpg\" \/>\n<meta name=\"twitter:card\" content=\"summary_large_image\" \/>\n<meta name=\"twitter:label1\" content=\"Dur\u00e9e de lecture estim\u00e9e\" \/>\n\t<meta name=\"twitter:data1\" content=\"6 minutes\" \/>\n<script type=\"application\/ld+json\" class=\"yoast-schema-graph\">{\"@context\":\"https:\/\/schema.org\",\"@graph\":[{\"@type\":\"WebPage\",\"@id\":\"https:\/\/unairdebois.com\/\",\"url\":\"https:\/\/unairdebois.com\/\",\"name\":\"Un air de bois - Un Air de Bois\",\"isPartOf\":{\"@id\":\"https:\/\/unairdebois.com\/#website\"},\"primaryImageOfPage\":{\"@id\":\"https:\/\/unairdebois.com\/#primaryimage\"},\"image\":{\"@id\":\"https:\/\/unairdebois.com\/#primaryimage\"},\"thumbnailUrl\":\"http:\/\/unairdebois.com\/wp-content\/uploads\/2020\/05\/IMG_8951bis-1024x683.jpg\",\"datePublished\":\"2019-10-15T13:25:57+00:00\",\"dateModified\":\"2026-04-08T07:39:48+00:00\",\"description\":\"Villa Bioclimatique contemporaine nich\u00e9e dans un petit village Catalan.\",\"breadcrumb\":{\"@id\":\"https:\/\/unairdebois.com\/#breadcrumb\"},\"inLanguage\":\"fr-FR\",\"potentialAction\":[{\"@type\":\"ReadAction\",\"target\":[\"https:\/\/unairdebois.com\/\"]}]},{\"@type\":\"ImageObject\",\"inLanguage\":\"fr-FR\",\"@id\":\"https:\/\/unairdebois.com\/#primaryimage\",\"url\":\"https:\/\/unairdebois.com\/wp-content\/uploads\/2020\/05\/IMG_8951bis.jpg\",\"contentUrl\":\"https:\/\/unairdebois.com\/wp-content\/uploads\/2020\/05\/IMG_8951bis.jpg\",\"width\":1080,\"height\":720},{\"@type\":\"BreadcrumbList\",\"@id\":\"https:\/\/unairdebois.com\/#breadcrumb\",\"itemListElement\":[{\"@type\":\"ListItem\",\"position\":1,\"name\":\"Accueil\",\"item\":\"https:\/\/unairdebois.com\/\"},{\"@type\":\"ListItem\",\"position\":2,\"name\":\"Un air de bois\"}]},{\"@type\":\"WebSite\",\"@id\":\"https:\/\/unairdebois.com\/#website\",\"url\":\"https:\/\/unairdebois.com\/\",\"name\":\"Un Air de Bois\",\"description\":\"Maison Bioclimatique [ GICO ]\",\"publisher\":{\"@id\":\"https:\/\/unairdebois.com\/#organization\"},\"potentialAction\":[{\"@type\":\"SearchAction\",\"target\":{\"@type\":\"EntryPoint\",\"urlTemplate\":\"https:\/\/unairdebois.com\/?s={search_term_string}\"},\"query-input\":\"required name=search_term_string\"}],\"inLanguage\":\"fr-FR\"},{\"@type\":\"Organization\",\"@id\":\"https:\/\/unairdebois.com\/#organization\",\"name\":\"Un air de bois\",\"url\":\"https:\/\/unairdebois.com\/\",\"logo\":{\"@type\":\"ImageObject\",\"inLanguage\":\"fr-FR\",\"@id\":\"https:\/\/unairdebois.com\/#\/schema\/logo\/image\/\",\"url\":\"http:\/\/unairdebois.com\/wp-content\/uploads\/2020\/05\/IMG_8484.jpg\",\"contentUrl\":\"http:\/\/unairdebois.com\/wp-content\/uploads\/2020\/05\/IMG_8484.jpg\",\"width\":1080,\"height\":720,\"caption\":\"Un air de bois\"},\"image\":{\"@id\":\"https:\/\/unairdebois.com\/#\/schema\/logo\/image\/\"}}]}<\/script>\n<!-- \/ Yoast SEO plugin. -->","yoast_head_json":{"title":"Un air de bois - Un Air de Bois","description":"Villa Bioclimatique contemporaine nich\u00e9e dans un petit village Catalan.","robots":{"index":"index","follow":"follow","max-snippet":"max-snippet:-1","max-image-preview":"max-image-preview:large","max-video-preview":"max-video-preview:-1"},"canonical":"https:\/\/unairdebois.com\/","og_locale":"fr_FR","og_type":"article","og_title":"Un air de bois - Un Air de Bois","og_description":"Villa Bioclimatique contemporaine nich\u00e9e dans un petit village Catalan.","og_url":"https:\/\/unairdebois.com\/","og_site_name":"Un Air de Bois","article_modified_time":"2026-04-08T07:39:48+00:00","og_image":[{"url":"http:\/\/unairdebois.com\/wp-content\/uploads\/2020\/05\/IMG_8951bis-1024x683.jpg"}],"twitter_card":"summary_large_image","twitter_misc":{"Dur\u00e9e de lecture estim\u00e9e":"6 minutes"},"schema":{"@context":"https:\/\/schema.org","@graph":[{"@type":"WebPage","@id":"https:\/\/unairdebois.com\/","url":"https:\/\/unairdebois.com\/","name":"Un air de bois - Un Air de Bois","isPartOf":{"@id":"https:\/\/unairdebois.com\/#website"},"primaryImageOfPage":{"@id":"https:\/\/unairdebois.com\/#primaryimage"},"image":{"@id":"https:\/\/unairdebois.com\/#primaryimage"},"thumbnailUrl":"http:\/\/unairdebois.com\/wp-content\/uploads\/2020\/05\/IMG_8951bis-1024x683.jpg","datePublished":"2019-10-15T13:25:57+00:00","dateModified":"2026-04-08T07:39:48+00:00","description":"Villa Bioclimatique contemporaine nich\u00e9e dans un petit village Catalan.","breadcrumb":{"@id":"https:\/\/unairdebois.com\/#breadcrumb"},"inLanguage":"fr-FR","potentialAction":[{"@type":"ReadAction","target":["https:\/\/unairdebois.com\/"]}]},{"@type":"ImageObject","inLanguage":"fr-FR","@id":"https:\/\/unairdebois.com\/#primaryimage","url":"https:\/\/unairdebois.com\/wp-content\/uploads\/2020\/05\/IMG_8951bis.jpg","contentUrl":"https:\/\/unairdebois.com\/wp-content\/uploads\/2020\/05\/IMG_8951bis.jpg","width":1080,"height":720},{"@type":"BreadcrumbList","@id":"https:\/\/unairdebois.com\/#breadcrumb","itemListElement":[{"@type":"ListItem","position":1,"name":"Accueil","item":"https:\/\/unairdebois.com\/"},{"@type":"ListItem","position":2,"name":"Un air de bois"}]},{"@type":"WebSite","@id":"https:\/\/unairdebois.com\/#website","url":"https:\/\/unairdebois.com\/","name":"Un Air de Bois","description":"Maison Bioclimatique [ GICO ]","publisher":{"@id":"https:\/\/unairdebois.com\/#organization"},"potentialAction":[{"@type":"SearchAction","target":{"@type":"EntryPoint","urlTemplate":"https:\/\/unairdebois.com\/?s={search_term_string}"},"query-input":"required name=search_term_string"}],"inLanguage":"fr-FR"},{"@type":"Organization","@id":"https:\/\/unairdebois.com\/#organization","name":"Un air de bois","url":"https:\/\/unairdebois.com\/","logo":{"@type":"ImageObject","inLanguage":"fr-FR","@id":"https:\/\/unairdebois.com\/#\/schema\/logo\/image\/","url":"http:\/\/unairdebois.com\/wp-content\/uploads\/2020\/05\/IMG_8484.jpg","contentUrl":"http:\/\/unairdebois.com\/wp-content\/uploads\/2020\/05\/IMG_8484.jpg","width":1080,"height":720,"caption":"Un air de bois"},"image":{"@id":"https:\/\/unairdebois.com\/#\/schema\/logo\/image\/"}}]}},"_links":{"self":[{"href":"https:\/\/unairdebois.com\/index.php\/wp-json\/wp\/v2\/pages\/9"}],"collection":[{"href":"https:\/\/unairdebois.com\/index.php\/wp-json\/wp\/v2\/pages"}],"about":[{"href":"https:\/\/unairdebois.com\/index.php\/wp-json\/wp\/v2\/types\/page"}],"author":[{"embeddable":true,"href":"https:\/\/unairdebois.com\/index.php\/wp-json\/wp\/v2\/users\/1"}],"replies":[{"embeddable":true,"href":"https:\/\/unairdebois.com\/index.php\/wp-json\/wp\/v2\/comments?post=9"}],"version-history":[{"count":80,"href":"https:\/\/unairdebois.com\/index.php\/wp-json\/wp\/v2\/pages\/9\/revisions"}],"predecessor-version":[{"id":570,"href":"https:\/\/unairdebois.com\/index.php\/wp-json\/wp\/v2\/pages\/9\/revisions\/570"}],"wp:attachment":[{"href":"https:\/\/unairdebois.com\/index.php\/wp-json\/wp\/v2\/media?parent=9"}],"curies":[{"name":"wp","href":"https:\/\/api.w.org\/{rel}","templated":true}]}}